{"id":35,"date":"2023-08-23T23:30:47","date_gmt":"2023-08-23T21:30:47","guid":{"rendered":"http:\/\/propeller-sport.pl\/?page_id=35"},"modified":"2024-08-10T23:25:54","modified_gmt":"2024-08-10T21:25:54","slug":"nabor","status":"publish","type":"page","link":"https:\/\/propeller-sport.pl\/","title":{"rendered":"Nab\u00f3r"},"content":{"rendered":"\n<div class=\"wp-block-columns is-layout-flex wp-container-core-columns-is-layout-28f84493 wp-block-columns-is-layout-flex\">\n<div class=\"wp-block-column is-layout-flow wp-block-column-is-layout-flow\">\n<p>Og\u0142aszamy nab\u00f3r do sekcji Karate Olimpijskiego w Olsztynie! <img loading=\"lazy\" decoding=\"async\" height=\"16\" width=\"16\" src=\"https:\/\/static.xx.fbcdn.net\/images\/emoji.php\/v9\/t3f\/1\/16\/1f94b.png\" alt=\"&#x1f94b;\"><br>Zaczynamy od wrze\u015bnia wraz z pocz\u0105tkiem roku szkolnego! <img loading=\"lazy\" decoding=\"async\" height=\"16\" width=\"16\" src=\"https:\/\/static.xx.fbcdn.net\/images\/emoji.php\/v9\/tbe\/1\/16\/1f3c6.png\" alt=\"&#x1f3c6;\"><\/p>\n\n\n\n<p>Trenujemy w 2 lokalizacjach! <br>&#8211; Szko\u0142a Podstawowa nr 29 w Olsztynie na ul. Jaros\u0142awa Iwaszkiewicza 44<img loading=\"lazy\" decoding=\"async\" height=\"16\" width=\"16\" src=\"https:\/\/static.xx.fbcdn.net\/images\/emoji.php\/v9\/t8d\/1\/16\/2611.png\" alt=\"&#x2611;&#xfe0f;\"><br> &#8211; Niepubliczna Szko\u0142a Podstawowa Art School na ul. Dolna 16 (Jaroty) budynek Lech Centrum<\/p>\n\n\n\n<p><a><\/a>Zapisz si\u0119 ju\u017c dzi\u015b! <img loading=\"lazy\" decoding=\"async\" height=\"16\" width=\"16\" alt=\"&#x1f4aa;\" src=\"https:\/\/static.xx.fbcdn.net\/images\/emoji.php\/v9\/t6c\/1\/16\/1f4aa.png\"><\/p>\n\n\n\n<p>Zapisy i informacje <img loading=\"lazy\" decoding=\"async\" height=\"16\" width=\"16\" alt=\"&#x1f447;&#x1f3fb;\" src=\"https:\/\/static.xx.fbcdn.net\/images\/emoji.php\/v9\/t8a\/1\/16\/1f447_1f3fb.png\"><\/p>\n\n\n\n<p>tel. 509 668 843 e-mail karate@propeller.pl<br>lub przez <a href=\"https:\/\/propeller-sport.pl\/index.php\/form\/\" title=\"\">formularz zg\u0142oszeniowy na stronie<\/a><\/p>\n<\/div>\n\n\n\n<div class=\"wp-block-column is-layout-flow wp-block-column-is-layout-flow\">\n<figure class=\"wp-block-image size-full\"><img loading=\"lazy\" decoding=\"async\" width=\"401\" height=\"584\" src=\"http:\/\/propeller-sport.pl\/wp-content\/uploads\/2023\/08\/karate-propeller-sport.jpg\" alt=\"\" class=\"wp-image-63\" srcset=\"https:\/\/propeller-sport.pl\/wp-content\/uploads\/2023\/08\/karate-propeller-sport.jpg 401w, https:\/\/propeller-sport.pl\/wp-content\/uploads\/2023\/08\/karate-propeller-sport-206x300.jpg 206w\" sizes=\"auto, (max-width: 401px) 100vw, 401px\" \/><\/figure>\n<\/div>\n<\/div>\n","protected":false},"excerpt":{"rendered":"<p>Og\u0142aszamy nab\u00f3r do sekcji Karate Olimpijskiego w Olsztynie! Zaczynamy od wrze\u015bnia wraz z pocz\u0105tkiem roku szkolnego! Trenujemy w 2 lokalizacjach! &#8211; Szko\u0142a Podstawowa nr 29 w Olsztynie na ul. Jaros\u0142awa Iwaszkiewicza 44 &#8211; Niepubliczna Szko\u0142a Podstawowa Art School na ul. Dolna 16 (Jaroty) budynek Lech Centrum Zapisz si\u0119 ju\u017c dzi\u015b! [&hellip;]<\/p>\n","protected":false},"author":1,"featured_media":0,"parent":0,"menu_order":0,"comment_status":"closed","ping_status":"closed","template":"","meta":{"om_disable_all_campaigns":false,"_monsterinsights_skip_tracking":false,"footnotes":""},"class_list":["post-35","page","type-page","status-publish","hentry"],"aioseo_notices":[],"aioseo_head":"\n\t\t<!-- All in One SEO 5.0.1.1 - aioseo.com -->\n\t<meta name=\"description\" content=\"Og\u0142aszamy nab\u00f3r do sekcji Karate Olimpijskiego w Olsztynie!\" \/>\n\t<meta name=\"robots\" content=\"max-image-preview:large\" \/>\n\t<link rel=\"canonical\" href=\"https:\/\/propeller-sport.pl\/\" \/>\n\t<meta name=\"generator\" content=\"All in One SEO (AIOSEO) 5.0.1.1\" \/>\n\t\t<meta property=\"og:locale\" content=\"pl_PL\" \/>\n\t\t<meta property=\"og:site_name\" content=\"KARATE OLSZTYN - SPORT \/ REKREACJA \/ KARATE\" \/>\n\t\t<meta property=\"og:type\" content=\"website\" \/>\n\t\t<meta property=\"og:title\" content=\"KARATE OLSZTYN - Zapraszamy do trenowania\" \/>\n\t\t<meta property=\"og:description\" content=\"Og\u0142aszamy nab\u00f3r do sekcji Karate Olimpijskiego w Olsztynie!\" \/>\n\t\t<meta property=\"og:url\" content=\"https:\/\/propeller-sport.pl\/\" \/>\n\t\t<meta property=\"og:image\" content=\"https:\/\/propeller-sport.pl\/wp-content\/uploads\/2023\/05\/propeller_logo-petle-indukcyjne-SMALL.png\" \/>\n\t\t<meta property=\"og:image:secure_url\" content=\"https:\/\/propeller-sport.pl\/wp-content\/uploads\/2023\/05\/propeller_logo-petle-indukcyjne-SMALL.png\" \/>\n\t\t<meta property=\"og:image:width\" content=\"122\" \/>\n\t\t<meta property=\"og:image:height\" content=\"30\" \/>\n\t\t<meta name=\"twitter:card\" content=\"summary_large_image\" \/>\n\t\t<meta name=\"twitter:title\" content=\"KARATE OLSZTYN - Zapraszamy do trenowania\" \/>\n\t\t<meta name=\"twitter:description\" content=\"Og\u0142aszamy nab\u00f3r do sekcji Karate Olimpijskiego w Olsztynie!\" \/>\n\t\t<meta name=\"twitter:image\" content=\"https:\/\/propeller-sport.pl\/wp-content\/uploads\/2023\/05\/propeller_logo-petle-indukcyjne-SMALL.png\" \/>\n\t\t<script type=\"application\/ld+json\" class=\"aioseo-schema\">\n\t\t\t{\"@context\":\"https:\\\/\\\/schema.org\",\"@graph\":[{\"@type\":\"BreadcrumbList\",\"@id\":\"https:\\\/\\\/propeller-sport.pl\\\/#breadcrumblist\",\"itemListElement\":[{\"@type\":\"ListItem\",\"@id\":\"https:\\\/\\\/propeller-sport.pl#listItem\",\"position\":1,\"name\":\"Home\",\"item\":\"https:\\\/\\\/propeller-sport.pl\",\"nextItem\":{\"@type\":\"ListItem\",\"@id\":\"https:\\\/\\\/propeller-sport.pl\\\/#listItem\",\"name\":\"Nab\\u00f3r\"}},{\"@type\":\"ListItem\",\"@id\":\"https:\\\/\\\/propeller-sport.pl\\\/#listItem\",\"position\":2,\"name\":\"Nab\\u00f3r\",\"previousItem\":{\"@type\":\"ListItem\",\"@id\":\"https:\\\/\\\/propeller-sport.pl#listItem\",\"name\":\"Home\"}}]},{\"@type\":\"Organization\",\"@id\":\"https:\\\/\\\/propeller-sport.pl\\\/#organization\",\"name\":\"PROPELLER SPORT OLSZTYN\",\"description\":\"SPORT \\\/ REKREACJA \\\/ KARATE KARATE WKF SPORT ZAJ\\u0118CIA DLA DZIECI I DOROS\\u0141YCH\",\"url\":\"https:\\\/\\\/propeller-sport.pl\\\/\",\"telephone\":\"+48509668843\",\"logo\":{\"@type\":\"ImageObject\",\"url\":\"https:\\\/\\\/propeller-sport.pl\\\/wp-content\\\/uploads\\\/2023\\\/05\\\/propeller_logo-petle-indukcyjne-SMALL.png\",\"@id\":\"https:\\\/\\\/propeller-sport.pl\\\/#organizationLogo\",\"width\":122,\"height\":30},\"image\":{\"@id\":\"https:\\\/\\\/propeller-sport.pl\\\/#organizationLogo\"},\"sameAs\":[\"https:\\\/\\\/www.facebook.com\\\/profile.php?id=100089670544291\"]},{\"@type\":\"WebPage\",\"@id\":\"https:\\\/\\\/propeller-sport.pl\\\/#webpage\",\"url\":\"https:\\\/\\\/propeller-sport.pl\\\/\",\"name\":\"KARATE OLSZTYN - Zapraszamy do trenowania\",\"description\":\"Og\\u0142aszamy nab\\u00f3r do sekcji Karate Olimpijskiego w Olsztynie!\",\"inLanguage\":\"pl-PL\",\"isPartOf\":{\"@id\":\"https:\\\/\\\/propeller-sport.pl\\\/#website\"},\"breadcrumb\":{\"@id\":\"https:\\\/\\\/propeller-sport.pl\\\/#breadcrumblist\"},\"datePublished\":\"2023-08-23T23:30:47+02:00\",\"dateModified\":\"2024-08-10T23:25:54+02:00\"},{\"@type\":\"WebSite\",\"@id\":\"https:\\\/\\\/propeller-sport.pl\\\/#website\",\"url\":\"https:\\\/\\\/propeller-sport.pl\\\/\",\"name\":\"KARATE OLSZTYN\",\"description\":\"SPORT \\\/ REKREACJA \\\/ KARATE\",\"inLanguage\":\"pl-PL\",\"publisher\":{\"@id\":\"https:\\\/\\\/propeller-sport.pl\\\/#organization\"}}]}\n\t\t<\/script>\n\t\t<!-- All in One SEO -->\n\n","aioseo_head_json":{"title":"KARATE OLSZTYN - Zapraszamy do trenowania","description":"Og\u0142aszamy nab\u00f3r do sekcji Karate Olimpijskiego w Olsztynie!","canonical_url":"https:\/\/propeller-sport.pl\/","robots":"max-image-preview:large","keywords":"","webmasterTools":{"miscellaneous":""},"schema":{"@context":"https:\/\/schema.org","@graph":[{"@type":"BreadcrumbList","@id":"https:\/\/propeller-sport.pl\/#breadcrumblist","itemListElement":[{"@type":"ListItem","@id":"https:\/\/propeller-sport.pl#listItem","position":1,"name":"Home","item":"https:\/\/propeller-sport.pl","nextItem":{"@type":"ListItem","@id":"https:\/\/propeller-sport.pl\/#listItem","name":"Nab\u00f3r"}},{"@type":"ListItem","@id":"https:\/\/propeller-sport.pl\/#listItem","position":2,"name":"Nab\u00f3r","previousItem":{"@type":"ListItem","@id":"https:\/\/propeller-sport.pl#listItem","name":"Home"}}]},{"@type":"Organization","@id":"https:\/\/propeller-sport.pl\/#organization","name":"PROPELLER SPORT OLSZTYN","description":"SPORT \/ REKREACJA \/ KARATE KARATE WKF SPORT ZAJ\u0118CIA DLA DZIECI I DOROS\u0141YCH","url":"https:\/\/propeller-sport.pl\/","telephone":"+48509668843","logo":{"@type":"ImageObject","url":"https:\/\/propeller-sport.pl\/wp-content\/uploads\/2023\/05\/propeller_logo-petle-indukcyjne-SMALL.png","@id":"https:\/\/propeller-sport.pl\/#organizationLogo","width":122,"height":30},"image":{"@id":"https:\/\/propeller-sport.pl\/#organizationLogo"},"sameAs":["https:\/\/www.facebook.com\/profile.php?id=100089670544291"]},{"@type":"WebPage","@id":"https:\/\/propeller-sport.pl\/#webpage","url":"https:\/\/propeller-sport.pl\/","name":"KARATE OLSZTYN - Zapraszamy do trenowania","description":"Og\u0142aszamy nab\u00f3r do sekcji Karate Olimpijskiego w Olsztynie!","inLanguage":"pl-PL","isPartOf":{"@id":"https:\/\/propeller-sport.pl\/#website"},"breadcrumb":{"@id":"https:\/\/propeller-sport.pl\/#breadcrumblist"},"datePublished":"2023-08-23T23:30:47+02:00","dateModified":"2024-08-10T23:25:54+02:00"},{"@type":"WebSite","@id":"https:\/\/propeller-sport.pl\/#website","url":"https:\/\/propeller-sport.pl\/","name":"KARATE OLSZTYN","description":"SPORT \/ REKREACJA \/ KARATE","inLanguage":"pl-PL","publisher":{"@id":"https:\/\/propeller-sport.pl\/#organization"}}]},"og:locale":"pl_PL","og:site_name":"KARATE OLSZTYN - SPORT \/ REKREACJA \/ KARATE","og:type":"website","og:title":"KARATE OLSZTYN - Zapraszamy do trenowania","og:description":"Og\u0142aszamy nab\u00f3r do sekcji Karate Olimpijskiego w Olsztynie!","og:url":"https:\/\/propeller-sport.pl\/","og:image":"https:\/\/propeller-sport.pl\/wp-content\/uploads\/2023\/05\/propeller_logo-petle-indukcyjne-SMALL.png","og:image:secure_url":"https:\/\/propeller-sport.pl\/wp-content\/uploads\/2023\/05\/propeller_logo-petle-indukcyjne-SMALL.png","og:image:width":122,"og:image:height":30,"twitter:card":"summary_large_image","twitter:title":"KARATE OLSZTYN - Zapraszamy do trenowania","twitter:description":"Og\u0142aszamy nab\u00f3r do sekcji Karate Olimpijskiego w Olsztynie!","twitter:image":"https:\/\/propeller-sport.pl\/wp-content\/uploads\/2023\/05\/propeller_logo-petle-indukcyjne-SMALL.png"},"aioseo_meta_data":{"post_id":"35","title":"KARATE OLSZTYN - Zapraszamy do trenowania","description":"Og\u0142aszamy nab\u00f3r do sekcji Karate Olimpijskiego w Olsztynie!","keywords":[],"keyphrases":{"focus":{"keyphrase":"","score":0,"analysis":{"keyphraseInTitle":{"score":0,"maxScore":9,"error":1}}},"additional":[]},"primary_term":null,"canonical_url":null,"og_title":null,"og_description":null,"og_object_type":"website","og_image_type":"default","og_image_url":null,"og_image_width":null,"og_image_height":null,"og_image_custom_url":null,"og_image_custom_fields":null,"og_video":"","og_custom_url":null,"og_article_section":null,"og_article_tags":[],"twitter_use_og":false,"twitter_card":"default","twitter_image_type":"default","twitter_image_url":null,"twitter_image_custom_url":null,"twitter_image_custom_fields":null,"twitter_title":null,"twitter_description":null,"schema":{"blockGraphs":[],"customGraphs":[],"default":{"data":{"Article":[],"Course":[],"Dataset":[],"FAQPage":[],"Movie":[],"Person":[],"Product":[],"ProductReview":[],"Car":[],"Recipe":[],"Service":[],"SoftwareApplication":[],"WebPage":[]},"graphName":"WebPage","isEnabled":true},"graphs":[]},"schema_type":"default","schema_type_options":null,"pillar_content":false,"robots_default":true,"robots_noindex":false,"robots_noarchive":false,"robots_nosnippet":false,"robots_nofollow":false,"robots_noimageindex":false,"robots_noodp":false,"robots_notranslate":false,"robots_max_snippet":"-1","robots_max_videopreview":"-1","robots_max_imagepreview":"large","priority":null,"frequency":"default","local_seo":null,"breadcrumb_settings":null,"limit_modified_date":false,"ai":null,"created":"2023-09-02 16:57:36","updated":"2026-01-02 22:08:09","seo_analyzer_scan_date":null,"focus_keyword":null,"additional_keywords":null,"truseo_locale":null},"aioseo_breadcrumb":"<div class=\"aioseo-breadcrumbs\"><span class=\"aioseo-breadcrumb\">\n\t\t\t<a href=\"https:\/\/propeller-sport.pl\" title=\"Home\">Home<\/a>\n\t\t<\/span><span class=\"aioseo-breadcrumb-separator\">&raquo;<\/span><span class=\"aioseo-breadcrumb\">\n\t\t\tNab\u00f3r\n\t\t<\/span><\/div>","aioseo_breadcrumb_json":[{"label":"Home","link":"https:\/\/propeller-sport.pl"},{"label":"Nab\u00f3r","link":"https:\/\/propeller-sport.pl\/"}],"_links":{"self":[{"href":"https:\/\/propeller-sport.pl\/index.php\/wp-json\/wp\/v2\/pages\/35","targetHints":{"allow":["GET"]}}],"collection":[{"href":"https:\/\/propeller-sport.pl\/index.php\/wp-json\/wp\/v2\/pages"}],"about":[{"href":"https:\/\/propeller-sport.pl\/index.php\/wp-json\/wp\/v2\/types\/page"}],"author":[{"embeddable":true,"href":"https:\/\/propeller-sport.pl\/index.php\/wp-json\/wp\/v2\/users\/1"}],"replies":[{"embeddable":true,"href":"https:\/\/propeller-sport.pl\/index.php\/wp-json\/wp\/v2\/comments?post=35"}],"version-history":[{"count":4,"href":"https:\/\/propeller-sport.pl\/index.php\/wp-json\/wp\/v2\/pages\/35\/revisions"}],"predecessor-version":[{"id":139,"href":"https:\/\/propeller-sport.pl\/index.php\/wp-json\/wp\/v2\/pages\/35\/revisions\/139"}],"wp:attachment":[{"href":"https:\/\/propeller-sport.pl\/index.php\/wp-json\/wp\/v2\/media?parent=35"}],"curies":[{"name":"wp","href":"https:\/\/api.w.org\/{rel}","templated":true}]}}